{"id":7432,"date":"2026-04-22T14:47:34","date_gmt":"2026-04-22T12:47:34","guid":{"rendered":"https:\/\/clash.fr\/saison26-27\/from-maria-callas-to-freddie-mercury\/"},"modified":"2026-04-26T02:52:22","modified_gmt":"2026-04-26T00:52:22","slug":"from-maria-callas-to-freddie-mercury","status":"publish","type":"saison26-27","link":"https:\/\/clash.fr\/en\/saison26-27\/from-maria-callas-to-freddie-mercury\/","title":{"rendered":"From Maria Callas to Freddie Mercury"},"content":{"rendered":"\t\t<div data-elementor-type=\"wp-page\" data-elementor-id=\"7432\" class=\"elementor elementor-7432 elementor-6489\" data-elementor-post-type=\"saison26-27\">\n\t\t\t\t<div class=\"elementor-element elementor-element-1f42464 e-con-full e-flex e-con e-parent\" data-id=\"1f42464\" data-element_type=\"container\" data-e-type=\"container\" data-settings=\"{&quot;background_background&quot;:&quot;video&quot;,&quot;background_video_link&quot;:&quot;https:\\\/\\\/vimeo.com\\\/1185190940\\\/8b72087474?share=copy&amp;fl=sv&amp;fe=ci&quot;,&quot;background_video_start&quot;:0,&quot;background_video_end&quot;:12,&quot;background_play_on_mobile&quot;:&quot;yes&quot;}\">\n\t\t<div class=\"elementor-background-video-container\">\n\t\t\t\t\t\t\t<div class=\"elementor-background-video-embed\" role=\"presentation\"><\/div>\n\t\t\t\t\t\t<\/div><div class=\"elementor-element elementor-element-9980153 e-con-full animated-slow e-flex elementor-invisible e-con e-child\" data-id=\"9980153\" data-element_type=\"container\" data-e-type=\"container\" data-settings=\"{&quot;animation&quot;:&quot;fadeIn&quot;,&quot;animation_delay&quot;:100}\">\n\t\t\t\t<div class=\"elementor-element elementor-element-7c2ab8c elementor-hidden-mobile elementor-view-default elementor-widget elementor-widget-icon\" data-id=\"7c2ab8c\" data-element_type=\"widget\" data-e-type=\"widget\" data-widget_type=\"icon.default\">\n\t\t\t\t<div class=\"elementor-widget-container\">\n\t\t\t\t\t\t\t<div class=\"elementor-icon-wrapper\">\n\t\t\t<a class=\"elementor-icon elementor-animation-grow\" href=\"https:\/\/clash.fr\/saison26-27\/electro-de-vivaldi-daft-punk\/\">\n\t\t\t<i aria-hidden=\"true\" class=\"icon icon-arrow-left-circle\"><\/i>\t\t\t<\/a>\n\t\t<\/div>\n\t\t\t\t\t\t<\/div>\n\t\t\t\t<\/div>\n\t\t\t\t<\/div>\n\t\t<div class=\"elementor-element elementor-element-a73d04b e-con-full animated-slow e-flex elementor-invisible e-con e-child\" data-id=\"a73d04b\" data-element_type=\"container\" data-e-type=\"container\" data-settings=\"{&quot;background_background&quot;:&quot;classic&quot;,&quot;animation&quot;:&quot;fadeIn&quot;,&quot;animation_delay&quot;:20}\">\n\t\t<div class=\"elementor-element elementor-element-c87a8f8 e-con-full e-flex e-con e-child\" data-id=\"c87a8f8\" data-element_type=\"container\" data-e-type=\"container\">\n\t\t\t\t<div class=\"elementor-element elementor-element-bd6d5e4 elementor-widget elementor-widget-heading\" data-id=\"bd6d5e4\" data-element_type=\"widget\" data-e-type=\"widget\" data-widget_type=\"heading.default\">\n\t\t\t\t<div class=\"elementor-widget-container\">\n\t\t\t\t\t<h5 class=\"elementor-heading-title elementor-size-default\">CLASH POP<\/h5>\t\t\t\t<\/div>\n\t\t\t\t<\/div>\n\t\t\t\t<div class=\"elementor-element elementor-element-43491ac gradient-text elementor-widget elementor-widget-heading\" data-id=\"43491ac\" data-element_type=\"widget\" data-e-type=\"widget\" data-widget_type=\"heading.default\">\n\t\t\t\t<div class=\"elementor-widget-container\">\n\t\t\t\t\t<h1 class=\"elementor-heading-title elementor-size-default\">From Maria Callas <br>to Freddie Mercury<\/h1>\t\t\t\t<\/div>\n\t\t\t\t<\/div>\n\t\t\t\t<\/div>\n\t\t<div class=\"elementor-element elementor-element-c971d76 e-con-full e-flex e-con e-child\" data-id=\"c971d76\" data-element_type=\"container\" data-e-type=\"container\">\n\t\t\t\t<div class=\"elementor-element elementor-element-bd9a17c elementor-widget elementor-widget-heading\" data-id=\"bd9a17c\" data-element_type=\"widget\" data-e-type=\"widget\" data-widget_type=\"heading.default\">\n\t\t\t\t<div class=\"elementor-widget-container\">\n\t\t\t\t\t<h2 class=\"elementor-heading-title elementor-size-default\"><span style=\"color:#FF165E\">BERN<\/span> - Thursday, January 14, 2027 - 8:30 PM<\/h2>\t\t\t\t<\/div>\n\t\t\t\t<\/div>\n\t\t\t\t<div class=\"elementor-element elementor-element-2394e8d elementor-widget elementor-widget-heading\" data-id=\"2394e8d\" data-element_type=\"widget\" data-e-type=\"widget\" data-widget_type=\"heading.default\">\n\t\t\t\t<div class=\"elementor-widget-container\">\n\t\t\t\t\t<h2 class=\"elementor-heading-title elementor-size-default\"><span style=\"color:#FF165E\">PARIS<\/span> - Friday, January 22, 2027 - 8:30 PM<\/h2>\t\t\t\t<\/div>\n\t\t\t\t<\/div>\n\t\t\t\t<\/div>\n\t\t\t\t<div class=\"elementor-element elementor-element-4f35a54 elementor-widget__width-auto elementor-align-center elementor-widget elementor-widget-button\" data-id=\"4f35a54\" data-element_type=\"widget\" data-e-type=\"widget\" id=\"#reserver-bandeau-dolce\" data-widget_type=\"button.default\">\n\t\t\t\t<div class=\"elementor-widget-container\">\n\t\t\t\t\t\t\t\t\t<div class=\"elementor-button-wrapper\">\n\t\t\t\t\t<a class=\"elementor-button elementor-button-link elementor-size-sm\" href=\"https:\/\/clash.fr\/en\/reservations\/\" target=\"_blank\">\n\t\t\t\t\t\t<span class=\"elementor-button-content-wrapper\">\n\t\t\t\t\t\t\t\t\t<span class=\"elementor-button-text\">book<\/span>\n\t\t\t\t\t<\/span>\n\t\t\t\t\t<\/a>\n\t\t\t\t<\/div>\n\t\t\t\t\t\t\t\t<\/div>\n\t\t\t\t<\/div>\n\t\t\t\t<\/div>\n\t\t<div class=\"elementor-element elementor-element-2897cc4 e-con-full animated-slow e-flex elementor-invisible e-con e-child\" data-id=\"2897cc4\" data-element_type=\"container\" data-e-type=\"container\" data-settings=\"{&quot;animation&quot;:&quot;fadeIn&quot;,&quot;animation_delay&quot;:100}\">\n\t\t\t\t<div class=\"elementor-element elementor-element-282a34d elementor-hidden-mobile elementor-view-default elementor-widget elementor-widget-icon\" data-id=\"282a34d\" data-element_type=\"widget\" data-e-type=\"widget\" data-widget_type=\"icon.default\">\n\t\t\t\t<div class=\"elementor-widget-container\">\n\t\t\t\t\t\t\t<div class=\"elementor-icon-wrapper\">\n\t\t\t<a class=\"elementor-icon elementor-animation-grow\" href=\"https:\/\/clash.fr\/en\/saison26-27\/from-schubert-to-nirvana\/\">\n\t\t\t<i aria-hidden=\"true\" class=\"icon icon-arrow-right-circle\"><\/i>\t\t\t<\/a>\n\t\t<\/div>\n\t\t\t\t\t\t<\/div>\n\t\t\t\t<\/div>\n\t\t\t\t<\/div>\n\t\t\t\t<\/div>\n\t\t<div class=\"elementor-element elementor-element-453807c e-con-full e-flex e-con e-parent\" data-id=\"453807c\" data-element_type=\"container\" data-e-type=\"container\">\n\t\t<div class=\"elementor-element elementor-element-ff9115d e-con-full e-flex e-con e-child\" data-id=\"ff9115d\" data-element_type=\"container\" data-e-type=\"container\">\n\t\t<div class=\"elementor-element elementor-element-e2c7eeb e-con-full e-flex e-con e-child\" data-id=\"e2c7eeb\" data-element_type=\"container\" data-e-type=\"container\">\n\t\t\t\t<div class=\"elementor-element elementor-element-db7adaf elementor-widget__width-inherit elementor-widget elementor-widget-heading\" data-id=\"db7adaf\" data-element_type=\"widget\" data-e-type=\"widget\" data-widget_type=\"heading.default\">\n\t\t\t\t<div class=\"elementor-widget-container\">\n\t\t\t\t\t<h2 class=\"elementor-heading-title elementor-size-default\">Presentation<\/h2>\t\t\t\t<\/div>\n\t\t\t\t<\/div>\n\t\t\t\t<div class=\"elementor-element elementor-element-b292a89 elementor-widget elementor-widget-image\" data-id=\"b292a89\" data-element_type=\"widget\" data-e-type=\"widget\" data-widget_type=\"image.default\">\n\t\t\t\t<div class=\"elementor-widget-container\">\n\t\t\t\t\t\t\t\t\t\t\t\t\t\t\t<img decoding=\"async\" width=\"800\" height=\"32\" src=\"https:\/\/clash.fr\/wp-content\/uploads\/2024\/10\/trait-degrade-1024x41.jpg\" class=\"attachment-large size-large wp-image-3481\" alt=\"R\u00e9unir la musique classique avec d&#039;autre musiques telles que le rap, le hiphop, l&#039;\u00e9lectro, le m\u00e9tal ou le rock\" srcset=\"https:\/\/clash.fr\/wp-content\/uploads\/2024\/10\/trait-degrade-1024x41.jpg 1024w, https:\/\/clash.fr\/wp-content\/uploads\/2024\/10\/trait-degrade-300x12.jpg 300w, https:\/\/clash.fr\/wp-content\/uploads\/2024\/10\/trait-degrade-768x31.jpg 768w, https:\/\/clash.fr\/wp-content\/uploads\/2024\/10\/trait-degrade-1536x61.jpg 1536w, https:\/\/clash.fr\/wp-content\/uploads\/2024\/10\/trait-degrade.jpg 1807w\" sizes=\"(max-width: 800px) 100vw, 800px\" \/>\t\t\t\t\t\t\t\t\t\t\t\t\t\t\t<\/div>\n\t\t\t\t<\/div>\n\t\t\t\t<\/div>\n\t\t<div class=\"elementor-element elementor-element-cc69314 e-con-full e-flex e-con e-child\" data-id=\"cc69314\" data-element_type=\"container\" data-e-type=\"container\">\n\t\t\t\t<div class=\"elementor-element elementor-element-79c1033 elementor-widget elementor-widget-text-editor\" data-id=\"79c1033\" data-element_type=\"widget\" data-e-type=\"widget\" data-widget_type=\"text-editor.default\">\n\t\t\t\t<div class=\"elementor-widget-container\">\n\t\t\t\t\t\t\t\t\t<span style=\"font-weight: 400;\">From Maria Callas to Freddie Mercury, from Bellini to ABBA, from <\/span><i><span style=\"font-weight: 400;\">Casta Diva<\/span><\/i><span style=\"font-weight: 400;\"> \u00e0 <\/span><i><span style=\"font-weight: 400;\">The Winner Takes It All<\/span><\/i><span style=\"font-weight: 400;\">Clash Diva explores the same realm: that of iconic voices, unforgettable timbres and emotions brought to their highest pitch. For opera and pop music share the same intensity: a taste for drama, momentum, excess and naked fragility. In Bellini as in Queen, in Verdi as in ABBA or Michael Jackson, singing is about giving it your all: making the voice a theater, the breath a tension, the word an immediate truth.  <br><br>\nThese are arias and songs we know by heart, melodies that flow through us, voices we recognize in a second. Here, Bizet meets Dalida, Puccini meets Barbra Streisand, Verdi reaches out to Whitney Houston, while Madonna, Kate Bush, Bj\u00f6rk and Amy Winehouse, each in their own way, extend the brilliance of the great operatic figures. The meeting between Freddie Mercury and Montserrat Caball\u00e9 remains the perfect emblem of a world where lyricism and pop meet in virtuosity, theatricality and absolute emotion.  <\/span>\t\t\t\t\t\t\t\t<\/div>\n\t\t\t\t<\/div>\n\t\t\t\t<div class=\"elementor-element elementor-element-de93ef5 elementor-widget__width-initial elementor-align-center elementor-widget elementor-widget-button\" data-id=\"de93ef5\" data-element_type=\"widget\" data-e-type=\"widget\" data-widget_type=\"button.default\">\n\t\t\t\t<div class=\"elementor-widget-container\">\n\t\t\t\t\t\t\t\t\t<div class=\"elementor-button-wrapper\">\n\t\t\t\t\t<a class=\"elementor-button elementor-button-link elementor-size-sm\" href=\"https:\/\/clash.fr\/en\/saison26-27\/our-clash-pop-2-artists\/\">\n\t\t\t\t\t\t<span class=\"elementor-button-content-wrapper\">\n\t\t\t\t\t\t\t\t\t<span class=\"elementor-button-text\">DISCOVER OUR ARTISTS<\/span>\n\t\t\t\t\t<\/span>\n\t\t\t\t\t<\/a>\n\t\t\t\t<\/div>\n\t\t\t\t\t\t\t\t<\/div>\n\t\t\t\t<\/div>\n\t\t\t\t<\/div>\n\t\t\t\t<\/div>\n\t\t\t\t<\/div>\n\t\t<div class=\"elementor-element elementor-element-d615dab e-con-full e-flex e-con e-parent\" data-id=\"d615dab\" data-element_type=\"container\" data-e-type=\"container\">\n\t\t<div class=\"elementor-element elementor-element-ab21ba9 e-con-full e-flex e-con e-child\" data-id=\"ab21ba9\" data-element_type=\"container\" data-e-type=\"container\">\n\t\t<div class=\"elementor-element elementor-element-b318199 e-con-full e-flex e-con e-child\" data-id=\"b318199\" data-element_type=\"container\" data-e-type=\"container\">\n\t\t\t\t<div class=\"elementor-element elementor-element-1bd5b56 elementor-widget__width-inherit elementor-widget elementor-widget-image\" data-id=\"1bd5b56\" data-element_type=\"widget\" data-e-type=\"widget\" data-widget_type=\"image.default\">\n\t\t\t\t<div class=\"elementor-widget-container\">\n\t\t\t\t\t\t\t\t\t\t\t\t\t\t\t<img fetchpriority=\"high\" decoding=\"async\" width=\"800\" height=\"800\" src=\"https:\/\/clash.fr\/wp-content\/uploads\/2026\/04\/Theophile-Alexandre-ADN-Baroque-18-2-1024x1024.avif\" class=\"attachment-large size-large wp-image-6491\" alt=\"Th\u00e9ophile Alexandre, Contret\u00e9nor\" srcset=\"https:\/\/clash.fr\/wp-content\/uploads\/2026\/04\/Theophile-Alexandre-ADN-Baroque-18-2-1024x1024.avif 1024w, https:\/\/clash.fr\/wp-content\/uploads\/2026\/04\/Theophile-Alexandre-ADN-Baroque-18-2-300x300.avif 300w, https:\/\/clash.fr\/wp-content\/uploads\/2026\/04\/Theophile-Alexandre-ADN-Baroque-18-2-150x150.avif 150w, https:\/\/clash.fr\/wp-content\/uploads\/2026\/04\/Theophile-Alexandre-ADN-Baroque-18-2-768x768.avif 768w, https:\/\/clash.fr\/wp-content\/uploads\/2026\/04\/Theophile-Alexandre-ADN-Baroque-18-2.avif 1200w\" sizes=\"(max-width: 800px) 100vw, 800px\" \/>\t\t\t\t\t\t\t\t\t\t\t\t\t\t\t<\/div>\n\t\t\t\t<\/div>\n\t\t\t\t<\/div>\n\t\t<div class=\"elementor-element elementor-element-d84145d e-con-full e-flex e-con e-child\" data-id=\"d84145d\" data-element_type=\"container\" data-e-type=\"container\">\n\t\t\t\t<div class=\"elementor-element elementor-element-6cad3cf elementor-widget__width-inherit elementor-widget elementor-widget-image\" data-id=\"6cad3cf\" data-element_type=\"widget\" data-e-type=\"widget\" data-widget_type=\"image.default\">\n\t\t\t\t<div class=\"elementor-widget-container\">\n\t\t\t\t\t\t\t\t\t\t\t\t\t\t\t<img decoding=\"async\" width=\"683\" height=\"1024\" src=\"https:\/\/clash.fr\/wp-content\/uploads\/2026\/04\/IMG-20250115-WA0005-683x1024.avif\" class=\"attachment-large size-large wp-image-6493\" alt=\"Manon Galy, violoniste\" srcset=\"https:\/\/clash.fr\/wp-content\/uploads\/2026\/04\/IMG-20250115-WA0005-683x1024.avif 683w, https:\/\/clash.fr\/wp-content\/uploads\/2026\/04\/IMG-20250115-WA0005-200x300.avif 200w, https:\/\/clash.fr\/wp-content\/uploads\/2026\/04\/IMG-20250115-WA0005-768x1152.avif 768w, https:\/\/clash.fr\/wp-content\/uploads\/2026\/04\/IMG-20250115-WA0005-1024x1536.avif 1024w, https:\/\/clash.fr\/wp-content\/uploads\/2026\/04\/IMG-20250115-WA0005.avif 1066w\" sizes=\"(max-width: 683px) 100vw, 683px\" \/>\t\t\t\t\t\t\t\t\t\t\t\t\t\t\t<\/div>\n\t\t\t\t<\/div>\n\t\t\t\t<\/div>\n\t\t\t\t<\/div>\n\t\t<div class=\"elementor-element elementor-element-a4082a1 e-con-full e-flex e-con e-child\" data-id=\"a4082a1\" data-element_type=\"container\" data-e-type=\"container\">\n\t\t<div class=\"elementor-element elementor-element-8409b70 e-con-full e-flex e-con e-child\" data-id=\"8409b70\" data-element_type=\"container\" data-e-type=\"container\">\n\t\t\t\t<div class=\"elementor-element elementor-element-60d69cf elementor-widget__width-inherit elementor-widget elementor-widget-image\" data-id=\"60d69cf\" data-element_type=\"widget\" data-e-type=\"widget\" data-widget_type=\"image.default\">\n\t\t\t\t<div class=\"elementor-widget-container\">\n\t\t\t\t\t\t\t\t\t\t\t\t\t\t\t<img loading=\"lazy\" decoding=\"async\" width=\"800\" height=\"534\" src=\"https:\/\/clash.fr\/wp-content\/uploads\/2025\/12\/CLASH-PURCELL-ABBA_20-sur-25_-1024x683.webp\" class=\"attachment-large size-large wp-image-5315\" alt=\"Concert Clash De Purcell \u00e0 ABBA, dans la salle Gaveau \u00e0 Paris avec l&#039;Orchestre de Chambre de Toulouse, Yohan Hennequin \u00e0 la batterie.\" srcset=\"https:\/\/clash.fr\/wp-content\/uploads\/2025\/12\/CLASH-PURCELL-ABBA_20-sur-25_-1024x683.webp 1024w, https:\/\/clash.fr\/wp-content\/uploads\/2025\/12\/CLASH-PURCELL-ABBA_20-sur-25_-300x200.webp 300w, https:\/\/clash.fr\/wp-content\/uploads\/2025\/12\/CLASH-PURCELL-ABBA_20-sur-25_-768x512.webp 768w, https:\/\/clash.fr\/wp-content\/uploads\/2025\/12\/CLASH-PURCELL-ABBA_20-sur-25_-1536x1025.webp 1536w, https:\/\/clash.fr\/wp-content\/uploads\/2025\/12\/CLASH-PURCELL-ABBA_20-sur-25_.webp 2000w\" sizes=\"(max-width: 800px) 100vw, 800px\" \/>\t\t\t\t\t\t\t\t\t\t\t\t\t\t\t<\/div>\n\t\t\t\t<\/div>\n\t\t\t\t<\/div>\n\t\t<div class=\"elementor-element elementor-element-029aa63 e-con-full e-flex e-con e-child\" data-id=\"029aa63\" data-element_type=\"container\" data-e-type=\"container\">\n\t\t\t\t<div class=\"elementor-element elementor-element-dc4301e elementor-widget__width-inherit elementor-widget elementor-widget-image\" data-id=\"dc4301e\" data-element_type=\"widget\" data-e-type=\"widget\" data-widget_type=\"image.default\">\n\t\t\t\t<div class=\"elementor-widget-container\">\n\t\t\t\t\t\t\t\t\t\t\t\t\t\t\t<img loading=\"lazy\" decoding=\"async\" width=\"800\" height=\"534\" src=\"https:\/\/clash.fr\/wp-content\/uploads\/2026\/04\/OCT-2024-11-12-L_Escale-Abba-Queen-175-3-2-C-S-2-1024x683.avif\" class=\"attachment-large size-large wp-image-6495\" alt=\"Yohan Hennequin, batteur du groupe Cats on Trees\" srcset=\"https:\/\/clash.fr\/wp-content\/uploads\/2026\/04\/OCT-2024-11-12-L_Escale-Abba-Queen-175-3-2-C-S-2-1024x683.avif 1024w, https:\/\/clash.fr\/wp-content\/uploads\/2026\/04\/OCT-2024-11-12-L_Escale-Abba-Queen-175-3-2-C-S-2-300x200.avif 300w, https:\/\/clash.fr\/wp-content\/uploads\/2026\/04\/OCT-2024-11-12-L_Escale-Abba-Queen-175-3-2-C-S-2-768x512.avif 768w, https:\/\/clash.fr\/wp-content\/uploads\/2026\/04\/OCT-2024-11-12-L_Escale-Abba-Queen-175-3-2-C-S-2.avif 1200w\" sizes=\"(max-width: 800px) 100vw, 800px\" \/>\t\t\t\t\t\t\t\t\t\t\t\t\t\t\t<\/div>\n\t\t\t\t<\/div>\n\t\t\t\t<\/div>\n\t\t\t\t<\/div>\n\t\t\t\t<\/div>\n\t\t<div class=\"elementor-element elementor-element-8a8df60 e-con-full e-flex e-con e-parent\" data-id=\"8a8df60\" data-element_type=\"container\" data-e-type=\"container\">\n\t\t<div class=\"elementor-element elementor-element-75afe39 e-con-full e-flex e-con e-child\" data-id=\"75afe39\" data-element_type=\"container\" data-e-type=\"container\">\n\t\t<div class=\"elementor-element elementor-element-7b38cd0 e-con-full e-flex e-con e-child\" data-id=\"7b38cd0\" data-element_type=\"container\" data-e-type=\"container\">\n\t\t\t\t<div class=\"elementor-element elementor-element-da43dda elementor-widget__width-inherit elementor-widget elementor-widget-heading\" data-id=\"da43dda\" data-element_type=\"widget\" data-e-type=\"widget\" data-widget_type=\"heading.default\">\n\t\t\t\t<div class=\"elementor-widget-container\">\n\t\t\t\t\t<h2 class=\"elementor-heading-title elementor-size-default\">Distribution<\/h2>\t\t\t\t<\/div>\n\t\t\t\t<\/div>\n\t\t\t\t<div class=\"elementor-element elementor-element-85bae24 elementor-widget elementor-widget-image\" data-id=\"85bae24\" data-element_type=\"widget\" data-e-type=\"widget\" data-widget_type=\"image.default\">\n\t\t\t\t<div class=\"elementor-widget-container\">\n\t\t\t\t\t\t\t\t\t\t\t\t\t\t\t<img decoding=\"async\" width=\"800\" height=\"32\" src=\"https:\/\/clash.fr\/wp-content\/uploads\/2024\/10\/trait-degrade-1024x41.jpg\" class=\"attachment-large size-large wp-image-3481\" alt=\"R\u00e9unir la musique classique avec d&#039;autre musiques telles que le rap, le hiphop, l&#039;\u00e9lectro, le m\u00e9tal ou le rock\" srcset=\"https:\/\/clash.fr\/wp-content\/uploads\/2024\/10\/trait-degrade-1024x41.jpg 1024w, https:\/\/clash.fr\/wp-content\/uploads\/2024\/10\/trait-degrade-300x12.jpg 300w, https:\/\/clash.fr\/wp-content\/uploads\/2024\/10\/trait-degrade-768x31.jpg 768w, https:\/\/clash.fr\/wp-content\/uploads\/2024\/10\/trait-degrade-1536x61.jpg 1536w, https:\/\/clash.fr\/wp-content\/uploads\/2024\/10\/trait-degrade.jpg 1807w\" sizes=\"(max-width: 800px) 100vw, 800px\" \/>\t\t\t\t\t\t\t\t\t\t\t\t\t\t\t<\/div>\n\t\t\t\t<\/div>\n\t\t\t\t<\/div>\n\t\t<div class=\"elementor-element elementor-element-d994150 e-con-full e-flex e-con e-child\" data-id=\"d994150\" data-element_type=\"container\" data-e-type=\"container\">\n\t\t\t\t<div class=\"elementor-element elementor-element-cd02c4d elementor-widget elementor-widget-text-editor\" data-id=\"cd02c4d\" data-element_type=\"widget\" data-e-type=\"widget\" data-widget_type=\"text-editor.default\">\n\t\t\t\t<div class=\"elementor-widget-container\">\n\t\t\t\t\t\t\t\t\t<strong>Guests: <\/strong>\n<ul>\n \t<li><span style=\"color: #4ecaff;\"><a href=\"https:\/\/clash.fr\/en\/?post_type=saison26-27&#038;p=7429#THEOPHILEALEXANDRE\"><b>Th\u00e9ophile Alexandre: <\/b><\/span><\/a>Countertenor<\/li>\n \t<li><span style=\"color: #4ecaff;\"><a href=\"https:\/\/clash.fr\/en\/?post_type=saison26-27&#038;p=7429#MANONGALY\"><b>Manon Galy: <\/b><\/span><\/a>Violin<\/li>\n \t<li><span style=\"color: #4ecaff;\"><a href=\"https:\/\/clash.fr\/en\/?post_type=saison26-27&#038;p=7429#YOHANHENNEQUIN\"><b>Yohan Hennequin: <\/b><\/span><\/a>Drums (from the band Cats on Trees)<\/li>\n \t<li><span style=\"color: #4ecaff;\"><a href=\"https:\/\/clash.fr\/en\/?post_type=saison26-27&#038;p=7429#ORCHESTRECHAMBRETOULOUSE\"><b>Toulouse Chamber Orchestra<\/b><\/span><\/a><\/li>\n<\/ul>\t\t\t\t\t\t\t\t<\/div>\n\t\t\t\t<\/div>\n\t\t\t\t<\/div>\n\t\t\t\t<\/div>\n\t\t\t\t<\/div>\n\t\t<div class=\"elementor-element elementor-element-cbd62c2 e-con-full e-flex e-con e-parent\" data-id=\"cbd62c2\" data-element_type=\"container\" data-e-type=\"container\">\n\t\t<div class=\"elementor-element elementor-element-a654d4a e-con-full e-flex e-con e-child\" data-id=\"a654d4a\" data-element_type=\"container\" data-e-type=\"container\">\n\t\t<div class=\"elementor-element elementor-element-2a42968 e-con-full e-flex e-con e-child\" data-id=\"2a42968\" data-element_type=\"container\" data-e-type=\"container\">\n\t\t\t\t<\/div>\n\t\t\t\t<\/div>\n\t\t\t\t<\/div>\n\t\t<div class=\"elementor-element elementor-element-e1d574c e-con-full e-flex e-con e-parent\" data-id=\"e1d574c\" data-element_type=\"container\" data-e-type=\"container\">\n\t\t<div class=\"elementor-element elementor-element-c4b6867 e-con-full e-flex e-con e-child\" data-id=\"c4b6867\" data-element_type=\"container\" data-e-type=\"container\">\n\t\t\t\t<div class=\"elementor-element elementor-element-82f078a elementor-widget__width-initial elementor-align-justify elementor-widget elementor-widget-button\" data-id=\"82f078a\" data-element_type=\"widget\" data-e-type=\"widget\" id=\"#reserver-milieu-dolce\" data-widget_type=\"button.default\">\n\t\t\t\t<div class=\"elementor-widget-container\">\n\t\t\t\t\t\t\t\t\t<div class=\"elementor-button-wrapper\">\n\t\t\t\t\t<a class=\"elementor-button elementor-button-link elementor-size-sm\" href=\"https:\/\/clash.fr\/en\/reservations\/\" target=\"_blank\">\n\t\t\t\t\t\t<span class=\"elementor-button-content-wrapper\">\n\t\t\t\t\t\t\t\t\t<span class=\"elementor-button-text\">book<\/span>\n\t\t\t\t\t<\/span>\n\t\t\t\t\t<\/a>\n\t\t\t\t<\/div>\n\t\t\t\t\t\t\t\t<\/div>\n\t\t\t\t<\/div>\n\t\t\t\t<\/div>\n\t\t\t\t<\/div>\n\t\t<div class=\"elementor-element elementor-element-0183ca3 e-con-full e-flex e-con e-parent\" data-id=\"0183ca3\" data-element_type=\"container\" data-e-type=\"container\">\n\t\t\t\t<div class=\"elementor-element elementor-element-cd7fcc2 elementor-widget__width-inherit elementor-widget elementor-widget-shortcode\" data-id=\"cd7fcc2\" data-element_type=\"widget\" data-e-type=\"widget\" data-widget_type=\"shortcode.default\">\n\t\t\t\t<div class=\"elementor-widget-container\">\n\t\t\t\t\t\t\t<div class=\"elementor-shortcode\">\t\t<div data-elementor-type=\"container\" data-elementor-id=\"3890\" class=\"elementor elementor-3890 elementor-757 elementor-757\" data-elementor-post-type=\"elementor_library\">\n\t\t\t\t<div class=\"elementor-element elementor-element-93cdeb5 e-con-full e-flex e-con e-parent\" data-id=\"93cdeb5\" data-element_type=\"container\" data-e-type=\"container\">\n\t\t<div class=\"elementor-element elementor-element-afd0d27 e-con-full e-flex e-con e-child\" data-id=\"afd0d27\" data-element_type=\"container\" data-e-type=\"container\" data-settings=\"{&quot;background_background&quot;:&quot;classic&quot;}\">\n\t\t\t\t<div class=\"elementor-element elementor-element-82da4b7 elementor-widget elementor-widget-theme-site-logo elementor-widget-image\" data-id=\"82da4b7\" data-element_type=\"widget\" data-e-type=\"widget\" data-widget_type=\"theme-site-logo.default\">\n\t\t\t\t<div class=\"elementor-widget-container\">\n\t\t\t\t\t\t\t\t\t\t\t<a href=\"https:\/\/clash.fr\/en\/\">\n\t\t\t<img loading=\"lazy\" decoding=\"async\" width=\"1404\" height=\"1500\" src=\"https:\/\/clash.fr\/wp-content\/uploads\/2024\/10\/1001-NOTES_lotoype_Logo_clash_gaveau_blanc.png\" class=\"attachment-full size-full wp-image-22\" alt=\"R\u00e9unir la musique classique avec d&#039;autre musiques telles que le rap, le hiphop, l&#039;\u00e9lectro, le m\u00e9tal ou le rock\" srcset=\"https:\/\/clash.fr\/wp-content\/uploads\/2024\/10\/1001-NOTES_lotoype_Logo_clash_gaveau_blanc.png 1404w, https:\/\/clash.fr\/wp-content\/uploads\/2024\/10\/1001-NOTES_lotoype_Logo_clash_gaveau_blanc-281x300.png 281w, https:\/\/clash.fr\/wp-content\/uploads\/2024\/10\/1001-NOTES_lotoype_Logo_clash_gaveau_blanc-958x1024.png 958w, https:\/\/clash.fr\/wp-content\/uploads\/2024\/10\/1001-NOTES_lotoype_Logo_clash_gaveau_blanc-768x821.png 768w\" sizes=\"(max-width: 1404px) 100vw, 1404px\" \/>\t\t\t\t<\/a>\n\t\t\t\t\t\t\t\t\t\t\t<\/div>\n\t\t\t\t<\/div>\n\t\t\t\t<div class=\"elementor-element elementor-element-b5fe59d elementor-icon-list--layout-inline elementor-mobile-align-center elementor-list-item-link-full_width elementor-widget elementor-widget-icon-list\" data-id=\"b5fe59d\" data-element_type=\"widget\" data-e-type=\"widget\" data-widget_type=\"icon-list.default\">\n\t\t\t\t<div class=\"elementor-widget-container\">\n\t\t\t\t\t\t\t<ul class=\"elementor-icon-list-items elementor-inline-items\">\n\t\t\t\t\t\t\t<li class=\"elementor-icon-list-item elementor-inline-item\">\n\t\t\t\t\t\t\t\t\t\t\t<a href=\"https:\/\/clash.fr\/en\/saison26-27\/charlie-winstons-classics\/\">\n\n\t\t\t\t\t\t\t\t\t\t\t<span class=\"elementor-icon-list-text\">POP<\/span>\n\t\t\t\t\t\t\t\t\t\t\t<\/a>\n\t\t\t\t\t\t\t\t\t<\/li>\n\t\t\t\t\t\t\t\t<li class=\"elementor-icon-list-item elementor-inline-item\">\n\t\t\t\t\t\t\t\t\t\t\t<a href=\"https:\/\/clash.fr\/en\/saison26-27\/from-vivaldi-to-daft-punk\/\">\n\n\t\t\t\t\t\t\t\t\t\t\t<span class=\"elementor-icon-list-text\">\u00c9LECTRO<\/span>\n\t\t\t\t\t\t\t\t\t\t\t<\/a>\n\t\t\t\t\t\t\t\t\t<\/li>\n\t\t\t\t\t\t\t\t<li class=\"elementor-icon-list-item elementor-inline-item\">\n\t\t\t\t\t\t\t\t\t\t\t<a href=\"https:\/\/clash.fr\/en\/saison26-27\/from-maria-callas-to-freddie-mercury\/\">\n\n\t\t\t\t\t\t\t\t\t\t\t<span class=\"elementor-icon-list-text\">POP<\/span>\n\t\t\t\t\t\t\t\t\t\t\t<\/a>\n\t\t\t\t\t\t\t\t\t<\/li>\n\t\t\t\t\t\t\t\t<li class=\"elementor-icon-list-item elementor-inline-item\">\n\t\t\t\t\t\t\t\t\t\t\t<a href=\"https:\/\/clash.fr\/en\/saison26-27\/from-schubert-to-nirvana\/\">\n\n\t\t\t\t\t\t\t\t\t\t\t<span class=\"elementor-icon-list-text\">ROCK<\/span>\n\t\t\t\t\t\t\t\t\t\t\t<\/a>\n\t\t\t\t\t\t\t\t\t<\/li>\n\t\t\t\t\t\t\t\t<li class=\"elementor-icon-list-item elementor-inline-item\">\n\t\t\t\t\t\t\t\t\t\t\t<a href=\"https:\/\/clash.fr\/en\/saison26-27\/the-bolero-to-bamako\/\">\n\n\t\t\t\t\t\t\t\t\t\t\t<span class=\"elementor-icon-list-text\">WORLD<\/span>\n\t\t\t\t\t\t\t\t\t\t\t<\/a>\n\t\t\t\t\t\t\t\t\t<\/li>\n\t\t\t\t\t\t\t\t<li class=\"elementor-icon-list-item elementor-inline-item\">\n\t\t\t\t\t\t\t\t\t\t\t<a href=\"https:\/\/clash.fr\/en\/saison26-27\/from-beethoven-to-dooz-kawa\/\">\n\n\t\t\t\t\t\t\t\t\t\t\t<span class=\"elementor-icon-list-text\">RAP<\/span>\n\t\t\t\t\t\t\t\t\t\t\t<\/a>\n\t\t\t\t\t\t\t\t\t<\/li>\n\t\t\t\t\t\t\t\t<li class=\"elementor-icon-list-item elementor-inline-item\">\n\t\t\t\t\t\t\t\t\t\t\t<a href=\"https:\/\/clash.fr\/en\/saison26-27\/from-lully-to-johnny\/\">\n\n\t\t\t\t\t\t\t\t\t\t\t<span class=\"elementor-icon-list-text\">CHANSON<\/span>\n\t\t\t\t\t\t\t\t\t\t\t<\/a>\n\t\t\t\t\t\t\t\t\t<\/li>\n\t\t\t\t\t\t<\/ul>\n\t\t\t\t\t\t<\/div>\n\t\t\t\t<\/div>\n\t\t\t\t<div class=\"elementor-element elementor-element-bfc7985 elementor-widget__width-initial elementor-align-justify elementor-widget elementor-widget-button\" data-id=\"bfc7985\" data-element_type=\"widget\" data-e-type=\"widget\" data-widget_type=\"button.default\">\n\t\t\t\t<div class=\"elementor-widget-container\">\n\t\t\t\t\t\t\t\t\t<div class=\"elementor-button-wrapper\">\n\t\t\t\t\t<a class=\"elementor-button elementor-button-link elementor-size-sm\" href=\"https:\/\/clash.fr\/#programme\">\n\t\t\t\t\t\t<span class=\"elementor-button-content-wrapper\">\n\t\t\t\t\t\t\t\t\t<span class=\"elementor-button-text\">BACK TO PROGRAMMING<\/span>\n\t\t\t\t\t<\/span>\n\t\t\t\t\t<\/a>\n\t\t\t\t<\/div>\n\t\t\t\t\t\t\t\t<\/div>\n\t\t\t\t<\/div>\n\t\t\t\t<\/div>\n\t\t\t\t<\/div>\n\t\t\t\t<\/div>\n\t\t<\/div>\n\t\t\t\t\t\t<\/div>\n\t\t\t\t<\/div>\n\t\t\t\t<\/div>\n\t\t<div class=\"elementor-element elementor-element-40a12fb e-con-full e-flex e-con e-parent\" data-id=\"40a12fb\" data-element_type=\"container\" data-e-type=\"container\">\n\t\t<div class=\"elementor-element elementor-element-935060e e-con-full e-flex e-con e-child\" data-id=\"935060e\" data-element_type=\"container\" data-e-type=\"container\">\n\t\t\t\t<div class=\"elementor-element elementor-element-48a8c65 elementor-widget__width-inherit elementor-widget elementor-widget-shortcode\" data-id=\"48a8c65\" data-element_type=\"widget\" data-e-type=\"widget\" data-widget_type=\"shortcode.default\">\n\t\t\t\t<div class=\"elementor-widget-container\">\n\t\t\t\t\t\t\t<div class=\"elementor-shortcode\">\t\t<div data-elementor-type=\"container\" data-elementor-id=\"1178\" class=\"elementor elementor-1178\" data-elementor-post-type=\"elementor_library\">\n\t\t\t\t<div class=\"elementor-element elementor-element-7a04262 e-con-full e-flex e-con e-parent\" data-id=\"7a04262\" data-element_type=\"container\" data-e-type=\"container\">\n\t\t<div class=\"elementor-element elementor-element-6db6241 e-con-full e-flex e-con e-child\" data-id=\"6db6241\" data-element_type=\"container\" data-e-type=\"container\">\n\t\t\t\t<div class=\"elementor-element elementor-element-046062e elementor-widget elementor-widget-heading\" data-id=\"046062e\" data-element_type=\"widget\" data-e-type=\"widget\" data-widget_type=\"heading.default\">\n\t\t\t\t<div class=\"elementor-widget-container\">\n\t\t\t\t\t<h2 class=\"elementor-heading-title elementor-size-default\">Photos<\/h2>\t\t\t\t<\/div>\n\t\t\t\t<\/div>\n\t\t\t\t<div class=\"elementor-element elementor-element-1073b4f elementor-widget elementor-widget-heading\" data-id=\"1073b4f\" data-element_type=\"widget\" data-e-type=\"widget\" data-widget_type=\"heading.default\">\n\t\t\t\t<div class=\"elementor-widget-container\">\n\t\t\t\t\t<h5 class=\"elementor-heading-title elementor-size-default\"><a href=\"https:\/\/www.instagram.com\/clash.concert\/\" target=\"_blank\">\u00a9Thomas Morel-Fort<\/a><\/h5>\t\t\t\t<\/div>\n\t\t\t\t<\/div>\n\t\t\t\t<div class=\"elementor-element elementor-element-78657ed elementor-widget elementor-widget-image\" data-id=\"78657ed\" data-element_type=\"widget\" data-e-type=\"widget\" data-widget_type=\"image.default\">\n\t\t\t\t<div class=\"elementor-widget-container\">\n\t\t\t\t\t\t\t\t\t\t\t\t\t\t\t<img decoding=\"async\" width=\"800\" height=\"32\" src=\"https:\/\/clash.fr\/wp-content\/uploads\/2024\/10\/trait-degrade-1024x41.jpg\" class=\"attachment-large size-large wp-image-3481\" alt=\"R\u00e9unir la musique classique avec d&#039;autre musiques telles que le rap, le hiphop, l&#039;\u00e9lectro, le m\u00e9tal ou le rock\" srcset=\"https:\/\/clash.fr\/wp-content\/uploads\/2024\/10\/trait-degrade-1024x41.jpg 1024w, https:\/\/clash.fr\/wp-content\/uploads\/2024\/10\/trait-degrade-300x12.jpg 300w, https:\/\/clash.fr\/wp-content\/uploads\/2024\/10\/trait-degrade-768x31.jpg 768w, https:\/\/clash.fr\/wp-content\/uploads\/2024\/10\/trait-degrade-1536x61.jpg 1536w, https:\/\/clash.fr\/wp-content\/uploads\/2024\/10\/trait-degrade.jpg 1807w\" sizes=\"(max-width: 800px) 100vw, 800px\" \/>\t\t\t\t\t\t\t\t\t\t\t\t\t\t\t<\/div>\n\t\t\t\t<\/div>\n\t\t<div class=\"elementor-element elementor-element-b11e14d e-con-full e-flex e-con e-child\" data-id=\"b11e14d\" data-element_type=\"container\" data-e-type=\"container\">\n\t\t\t\t<div class=\"elementor-element elementor-element-82ae2b4 elementor-widget__width-initial elementor-arrows-position-inside elementor-pagination-position-outside elementor-widget elementor-widget-image-carousel\" data-id=\"82ae2b4\" data-element_type=\"widget\" data-e-type=\"widget\" data-settings=\"{&quot;slides_to_show&quot;:&quot;3&quot;,&quot;slides_to_scroll&quot;:&quot;1&quot;,&quot;autoplay_speed&quot;:4000,&quot;image_spacing_custom&quot;:{&quot;unit&quot;:&quot;px&quot;,&quot;size&quot;:24,&quot;sizes&quot;:[]},&quot;navigation&quot;:&quot;both&quot;,&quot;autoplay&quot;:&quot;yes&quot;,&quot;pause_on_hover&quot;:&quot;yes&quot;,&quot;pause_on_interaction&quot;:&quot;yes&quot;,&quot;infinite&quot;:&quot;yes&quot;,&quot;speed&quot;:500,&quot;image_spacing_custom_tablet&quot;:{&quot;unit&quot;:&quot;px&quot;,&quot;size&quot;:&quot;&quot;,&quot;sizes&quot;:[]},&quot;image_spacing_custom_mobile&quot;:{&quot;unit&quot;:&quot;px&quot;,&quot;size&quot;:&quot;&quot;,&quot;sizes&quot;:[]}}\" data-widget_type=\"image-carousel.default\">\n\t\t\t\t<div class=\"elementor-widget-container\">\n\t\t\t\t\t\t\t<div class=\"elementor-image-carousel-wrapper swiper\" role=\"region\" aria-roledescription=\"carousel\" aria-label=\"Carrousel d\u2019images\" dir=\"ltr\">\n\t\t\t<div class=\"elementor-image-carousel swiper-wrapper\" aria-live=\"off\">\n\t\t\t\t\t\t\t\t<div class=\"swiper-slide\" role=\"group\" aria-roledescription=\"slide\" aria-label=\"1 of 21\"><figure class=\"swiper-slide-inner\"><img decoding=\"async\" class=\"swiper-slide-image\" src=\"https:\/\/clash.fr\/wp-content\/uploads\/2025\/02\/CLASH-GAVEAU-LE-NOEL-DE-LEON-5-sur-25-4.jpg\" alt=\"CLASH GAVEAU LE NOEL DE LEON (5 sur 25)\" \/><\/figure><\/div><div class=\"swiper-slide\" role=\"group\" aria-roledescription=\"slide\" aria-label=\"2 of 21\"><figure class=\"swiper-slide-inner\"><img decoding=\"async\" class=\"swiper-slide-image\" src=\"https:\/\/clash.fr\/wp-content\/uploads\/2026\/04\/CLASH-SALLE-GAVEAU-338-sur-343.avif\" alt=\"CLASH-SALLE-GAVEAU-(338-sur-343)\" \/><\/figure><\/div><div class=\"swiper-slide\" role=\"group\" aria-roledescription=\"slide\" aria-label=\"3 of 21\"><figure class=\"swiper-slide-inner\"><img decoding=\"async\" class=\"swiper-slide-image\" src=\"https:\/\/clash.fr\/wp-content\/uploads\/2026\/02\/CLASH-TRANSCOVER-TOTAL-94-sur-154-scaled.webp\" alt=\"CLASH TRANSCOVER TOTAL (94 sur 154)\" \/><\/figure><\/div><div class=\"swiper-slide\" role=\"group\" aria-roledescription=\"slide\" aria-label=\"4 of 21\"><figure class=\"swiper-slide-inner\"><img decoding=\"async\" class=\"swiper-slide-image\" src=\"https:\/\/clash.fr\/wp-content\/uploads\/2026\/04\/CLASH-SALLE-GAVEAU-134-sur-343.avif\" alt=\"CLASH-SALLE-GAVEAU-(134-sur-343)\" \/><\/figure><\/div><div class=\"swiper-slide\" role=\"group\" aria-roledescription=\"slide\" aria-label=\"5 of 21\"><figure class=\"swiper-slide-inner\"><img decoding=\"async\" class=\"swiper-slide-image\" src=\"https:\/\/clash.fr\/wp-content\/uploads\/2026\/04\/CLASH-SALLE-GAVEAU-204-sur-343.avif\" alt=\"CLASH-SALLE-GAVEAU-(204-sur-343)\" \/><\/figure><\/div><div class=\"swiper-slide\" role=\"group\" aria-roledescription=\"slide\" aria-label=\"6 of 21\"><figure class=\"swiper-slide-inner\"><img decoding=\"async\" class=\"swiper-slide-image\" src=\"https:\/\/clash.fr\/wp-content\/uploads\/2025\/12\/PL-GaveauClash-48.webp\" alt=\"Concert Clash Ph\u00e9nix de Mourad Merzouki, dans la salle Gaveau \u00e0 Paris avec la Compagnie Kafig et Lucile Boulanger \u00e0 la viole de gambe\" \/><\/figure><\/div><div class=\"swiper-slide\" role=\"group\" aria-roledescription=\"slide\" aria-label=\"7 of 21\"><figure class=\"swiper-slide-inner\"><img decoding=\"async\" class=\"swiper-slide-image\" src=\"https:\/\/clash.fr\/wp-content\/uploads\/2025\/12\/PL-GaveauClash-14.webp\" alt=\"Concert Clash Ph\u00e9nix de Mourad Merzouki, dans la salle Gaveau \u00e0 Paris avec la Compagnie Kafig et Lucile Boulanger \u00e0 la viole de gambe\" \/><\/figure><\/div><div class=\"swiper-slide\" role=\"group\" aria-roledescription=\"slide\" aria-label=\"8 of 21\"><figure class=\"swiper-slide-inner\"><img decoding=\"async\" class=\"swiper-slide-image\" src=\"https:\/\/clash.fr\/wp-content\/uploads\/2025\/07\/CLASH-Alcest-Nicolas-Horvath-115-sur-190.jpg\" alt=\"CLASH-Alcest-&amp;-Nicolas-Horvath-(115-sur-190)\" \/><\/figure><\/div><div class=\"swiper-slide\" role=\"group\" aria-roledescription=\"slide\" aria-label=\"9 of 21\"><figure class=\"swiper-slide-inner\"><img decoding=\"async\" class=\"swiper-slide-image\" src=\"https:\/\/clash.fr\/wp-content\/uploads\/2026\/03\/CLASH-SALLE-GAVEAU-MARSEILLE-109-sur-260-scaled.webp\" alt=\"CLASH SALLE GAVEAU MARSEILLE (109 sur 260)\" \/><\/figure><\/div><div class=\"swiper-slide\" role=\"group\" aria-roledescription=\"slide\" aria-label=\"10 of 21\"><figure class=\"swiper-slide-inner\"><img decoding=\"async\" class=\"swiper-slide-image\" src=\"https:\/\/clash.fr\/wp-content\/uploads\/2025\/02\/CLASH-GAVEAU-LE-NOEL-DE-LEON-25-sur-25-3.jpg\" alt=\"Plongez dans l\u2019univers f\u00e9\u00e9rique du \u00ab No\u00ebl de L\u00e9on \u00bb, un conte musical fantastique et humoristique port\u00e9 \u00e0 la sc\u00e8ne par trois talents hors du commun ; Brigitte Lecordier, l\u2019une des voix les plus embl\u00e9matiques de la pop culture, pr\u00eate sa voix expressive \u00e0 ce r\u00e9cit enchant\u00e9, Nicolas Horvath, pianiste virtuose reconnu comme l\u2019un des plus brillants de sa g\u00e9n\u00e9ration, tisse une bande-son envo\u00fbtante qui accompagne l\u2019aventure; Yves Lecordier, parolier et sc\u00e9nariste de renom, signe un texte captivant qui m\u00eale humour, tendresse et magie.\" \/><\/figure><\/div><div class=\"swiper-slide\" role=\"group\" aria-roledescription=\"slide\" aria-label=\"11 of 21\"><figure class=\"swiper-slide-inner\"><img decoding=\"async\" class=\"swiper-slide-image\" src=\"https:\/\/clash.fr\/wp-content\/uploads\/2025\/02\/DOOZ-KAWA-133-sur-187-3.jpg\" alt=\"Le rappeur Dooz Kawa s\u2019appr\u00eate \u00e0 d\u00e9voiler une \u0153uvre in\u00e9dite, bien plus qu\u2019un simple album : un v\u00e9ritable \u00ab opus \u00bb . Ce projet ambitieux s\u2019aventure hors des sentiers battus du hip-hop pour explorer les univers de la musique classique et baroque.\" \/><\/figure><\/div><div class=\"swiper-slide\" role=\"group\" aria-roledescription=\"slide\" aria-label=\"12 of 21\"><figure class=\"swiper-slide-inner\"><img decoding=\"async\" class=\"swiper-slide-image\" src=\"https:\/\/clash.fr\/wp-content\/uploads\/2025\/02\/CLASH-GAVEAU-TRIO-VIOLON-ACCORDEON-26-sur-64-3.jpg\" alt=\"r\u00e9parez-vous \u00e0 \u00eatre transport\u00e9s par des m\u00e9lodies tourbillonnantes venues d\u2019Italie baroque, de chants slaves empreints de magie, et de la chaleur envo\u00fbtante du tango argentin. Un programme savamment concoct\u00e9 par les trois virtuoses de Philia Trio : Lisa Strauss (violoncelle), Th\u00e9o Ould (accord\u00e9on) et Pierre Liscia (violon) pour c\u00e9l\u00e9brer No\u00ebl en famille ou entre amis.\" \/><\/figure><\/div><div class=\"swiper-slide\" role=\"group\" aria-roledescription=\"slide\" aria-label=\"13 of 21\"><figure class=\"swiper-slide-inner\"><img decoding=\"async\" class=\"swiper-slide-image\" src=\"https:\/\/clash.fr\/wp-content\/uploads\/2025\/02\/CLASH-1-GAVEAU-MOREL-FORT-Thomas-7-sur-18-4.jpg\" alt=\"CLASH 1 GAVEAU MOREL-FORT Thomas (7 sur 18)\" \/><\/figure><\/div><div class=\"swiper-slide\" role=\"group\" aria-roledescription=\"slide\" aria-label=\"14 of 21\"><figure class=\"swiper-slide-inner\"><img decoding=\"async\" class=\"swiper-slide-image\" src=\"https:\/\/clash.fr\/wp-content\/uploads\/2025\/04\/CLASH-Alcest-Nicolas-Horvath-35-sur-190-scaled.jpg\" alt=\"CLASH Alcest &amp; Nicolas Horvath (35 sur 190)\" \/><\/figure><\/div><div class=\"swiper-slide\" role=\"group\" aria-roledescription=\"slide\" aria-label=\"15 of 21\"><figure class=\"swiper-slide-inner\"><img decoding=\"async\" class=\"swiper-slide-image\" src=\"https:\/\/clash.fr\/wp-content\/uploads\/2025\/02\/CLASH-GAVEAU-TRIO-VIOLON-ACCORDEON-60-sur-64-3.jpg\" alt=\"r\u00e9parez-vous \u00e0 \u00eatre transport\u00e9s par des m\u00e9lodies tourbillonnantes venues d\u2019Italie baroque, de chants slaves empreints de magie, et de la chaleur envo\u00fbtante du tango argentin. Un programme savamment concoct\u00e9 par les trois virtuoses de Philia Trio : Lisa Strauss (violoncelle), Th\u00e9o Ould (accord\u00e9on) et Pierre Liscia (violon) pour c\u00e9l\u00e9brer No\u00ebl en famille ou entre amis.\" \/><\/figure><\/div><div class=\"swiper-slide\" role=\"group\" aria-roledescription=\"slide\" aria-label=\"16 of 21\"><figure class=\"swiper-slide-inner\"><img decoding=\"async\" class=\"swiper-slide-image\" src=\"https:\/\/clash.fr\/wp-content\/uploads\/2025\/02\/DOOZ-KAWA-87-sur-187-3.jpg\" alt=\"Le rappeur Dooz Kawa s\u2019appr\u00eate \u00e0 d\u00e9voiler une \u0153uvre in\u00e9dite, bien plus qu\u2019un simple album : un v\u00e9ritable \u00ab opus \u00bb . Ce projet ambitieux s\u2019aventure hors des sentiers battus du hip-hop pour explorer les univers de la musique classique et baroque.\" \/><\/figure><\/div><div class=\"swiper-slide\" role=\"group\" aria-roledescription=\"slide\" aria-label=\"17 of 21\"><figure class=\"swiper-slide-inner\"><img decoding=\"async\" class=\"swiper-slide-image\" src=\"https:\/\/clash.fr\/wp-content\/uploads\/2025\/07\/CLASH-GAVEAU-LE-NOEL-DE-LEON-12-sur-25.jpg\" alt=\"CLASH-GAVEAU-LE-NOEL-DE-LEON-(12-sur-25)\" \/><\/figure><\/div><div class=\"swiper-slide\" role=\"group\" aria-roledescription=\"slide\" aria-label=\"18 of 21\"><figure class=\"swiper-slide-inner\"><img decoding=\"async\" class=\"swiper-slide-image\" src=\"https:\/\/clash.fr\/wp-content\/uploads\/2025\/07\/CLASH-Alcest-Nicolas-Horvath-127-sur-190.jpg\" alt=\"CLASH-Alcest-&amp;-Nicolas-Horvath-(127-sur-190)\" \/><\/figure><\/div><div class=\"swiper-slide\" role=\"group\" aria-roledescription=\"slide\" aria-label=\"19 of 21\"><figure class=\"swiper-slide-inner\"><img decoding=\"async\" class=\"swiper-slide-image\" src=\"https:\/\/clash.fr\/wp-content\/uploads\/2025\/02\/CLASH-GAVEAU-TRIO-VIOLON-ACCORDEON-64-sur-64-3.jpg\" alt=\"r\u00e9parez-vous \u00e0 \u00eatre transport\u00e9s par des m\u00e9lodies tourbillonnantes venues d\u2019Italie baroque, de chants slaves empreints de magie, et de la chaleur envo\u00fbtante du tango argentin. Un programme savamment concoct\u00e9 par les trois virtuoses de Philia Trio : Lisa Strauss (violoncelle), Th\u00e9o Ould (accord\u00e9on) et Pierre Liscia (violon) pour c\u00e9l\u00e9brer No\u00ebl en famille ou entre amis.\" \/><\/figure><\/div><div class=\"swiper-slide\" role=\"group\" aria-roledescription=\"slide\" aria-label=\"20 of 21\"><figure class=\"swiper-slide-inner\"><img decoding=\"async\" class=\"swiper-slide-image\" src=\"https:\/\/clash.fr\/wp-content\/uploads\/2025\/12\/CLASH-PURCELL-ABBA_20-sur-25_.webp\" alt=\"Concert Clash De Purcell \u00e0 ABBA, dans la salle Gaveau \u00e0 Paris avec l&#039;Orchestre de Chambre de Toulouse, Yohan Hennequin \u00e0 la batterie.\" \/><\/figure><\/div><div class=\"swiper-slide\" role=\"group\" aria-roledescription=\"slide\" aria-label=\"21 of 21\"><figure class=\"swiper-slide-inner\"><img decoding=\"async\" class=\"swiper-slide-image\" src=\"https:\/\/clash.fr\/wp-content\/uploads\/2025\/02\/CLASH-1-GAVEAU-MOREL-FORT-Thomas-10-sur-18.jpg\" alt=\"Les chor\u00e9graphies percutantes du g\u00e9nie du Hip Hop Mourad Merzouki qui se fusionnent avec la finesse du Concert de l\u2019Hostel Dieu pour former Dolce Follia.\" \/><\/figure><\/div>\t\t\t<\/div>\n\t\t\t\t\t\t\t\t\t\t\t\t<div class=\"elementor-swiper-button elementor-swiper-button-prev\" role=\"button\" tabindex=\"0\">\n\t\t\t\t\t\t<i aria-hidden=\"true\" class=\"eicon-chevron-left\"><\/i>\t\t\t\t\t<\/div>\n\t\t\t\t\t<div class=\"elementor-swiper-button elementor-swiper-button-next\" role=\"button\" tabindex=\"0\">\n\t\t\t\t\t\t<i aria-hidden=\"true\" class=\"eicon-chevron-right\"><\/i>\t\t\t\t\t<\/div>\n\t\t\t\t\n\t\t\t\t\t\t\t\t\t<div class=\"swiper-pagination\"><\/div>\n\t\t\t\t\t\t\t\t\t<\/div>\n\t\t\t\t\t\t<\/div>\n\t\t\t\t<\/div>\n\t\t\t\t<\/div>\n\t\t\t\t<\/div>\n\t\t\t\t<\/div>\n\t\t\t\t<\/div>\n\t\t<\/div>\n\t\t\t\t\t\t<\/div>\n\t\t\t\t<\/div>\n\t\t\t\t<\/div>\n\t\t\t\t<\/div>\n\t\t\t\t<\/div>\n\t\t","protected":false},"featured_media":0,"parent":0,"menu_order":0,"template":"elementor_header_footer","class_list":["post-7432","saison26-27","type-saison26-27","status-publish","hentry"],"yoast_head":"<!-- This site is optimized with the Yoast SEO plugin v27.4 - https:\/\/yoast.com\/product\/yoast-seo-wordpress\/ -->\n<title>Classical and pop music come together in a unique show<\/title>\n<meta name=\"description\" content=\"Explore the unlikely alliance of classical music and pop: from Purcell to ABBA, via Handel, Queen and the Beatles.\" \/>\n<meta name=\"robots\" content=\"index, follow, max-snippet:-1, max-image-preview:large, max-video-preview:-1\" \/>\n<link rel=\"canonical\" href=\"https:\/\/clash.fr\/en\/saison26-27\/from-maria-callas-to-freddie-mercury\/\" \/>\n<meta property=\"og:locale\" content=\"en_US\" \/>\n<meta property=\"og:type\" content=\"article\" \/>\n<meta property=\"og:title\" content=\"Classical and pop music come together in a unique show\" \/>\n<meta property=\"og:description\" content=\"Explore the unlikely alliance of classical music and pop: from Purcell to ABBA, via Handel, Queen and the Beatles.\" \/>\n<meta property=\"og:url\" content=\"https:\/\/clash.fr\/en\/saison26-27\/from-maria-callas-to-freddie-mercury\/\" \/>\n<meta property=\"og:site_name\" content=\"Clash - Nouveaux Courants Classiques\" \/>\n<meta property=\"article:publisher\" content=\"https:\/\/www.facebook.com\/clashconcert\" \/>\n<meta property=\"article:modified_time\" content=\"2026-04-26T00:52:22+00:00\" \/>\n<meta property=\"og:image\" content=\"https:\/\/clash.fr\/wp-content\/uploads\/2024\/10\/trait-degrade.jpg\" \/>\n\t<meta property=\"og:image:width\" content=\"1807\" \/>\n\t<meta property=\"og:image:height\" content=\"72\" \/>\n\t<meta property=\"og:image:type\" content=\"image\/jpeg\" \/>\n<meta name=\"twitter:card\" content=\"summary_large_image\" \/>\n<meta name=\"twitter:label1\" content=\"Est. reading time\" \/>\n\t<meta name=\"twitter:data1\" content=\"1 minute\" \/>\n<script type=\"application\/ld+json\" class=\"yoast-schema-graph\">{\"@context\":\"https:\\\/\\\/schema.org\",\"@graph\":[{\"@type\":\"WebPage\",\"@id\":\"https:\\\/\\\/clash.fr\\\/en\\\/saison26-27\\\/from-maria-callas-to-freddie-mercury\\\/\",\"url\":\"https:\\\/\\\/clash.fr\\\/en\\\/saison26-27\\\/from-maria-callas-to-freddie-mercury\\\/\",\"name\":\"Classical and pop music come together in a unique show\",\"isPartOf\":{\"@id\":\"https:\\\/\\\/clash.fr\\\/en\\\/#website\"},\"primaryImageOfPage\":{\"@id\":\"https:\\\/\\\/clash.fr\\\/en\\\/saison26-27\\\/from-maria-callas-to-freddie-mercury\\\/#primaryimage\"},\"image\":{\"@id\":\"https:\\\/\\\/clash.fr\\\/en\\\/saison26-27\\\/from-maria-callas-to-freddie-mercury\\\/#primaryimage\"},\"thumbnailUrl\":\"https:\\\/\\\/clash.fr\\\/wp-content\\\/uploads\\\/2024\\\/10\\\/trait-degrade-1024x41.jpg\",\"datePublished\":\"2026-04-22T12:47:34+00:00\",\"dateModified\":\"2026-04-26T00:52:22+00:00\",\"description\":\"Explore the unlikely alliance of classical music and pop: from Purcell to ABBA, via Handel, Queen and the Beatles.\",\"breadcrumb\":{\"@id\":\"https:\\\/\\\/clash.fr\\\/en\\\/saison26-27\\\/from-maria-callas-to-freddie-mercury\\\/#breadcrumb\"},\"inLanguage\":\"en-US\",\"potentialAction\":[{\"@type\":\"ReadAction\",\"target\":[\"https:\\\/\\\/clash.fr\\\/en\\\/saison26-27\\\/from-maria-callas-to-freddie-mercury\\\/\"]}]},{\"@type\":\"ImageObject\",\"inLanguage\":\"en-US\",\"@id\":\"https:\\\/\\\/clash.fr\\\/en\\\/saison26-27\\\/from-maria-callas-to-freddie-mercury\\\/#primaryimage\",\"url\":\"https:\\\/\\\/clash.fr\\\/wp-content\\\/uploads\\\/2024\\\/10\\\/trait-degrade-1024x41.jpg\",\"contentUrl\":\"https:\\\/\\\/clash.fr\\\/wp-content\\\/uploads\\\/2024\\\/10\\\/trait-degrade-1024x41.jpg\"},{\"@type\":\"BreadcrumbList\",\"@id\":\"https:\\\/\\\/clash.fr\\\/en\\\/saison26-27\\\/from-maria-callas-to-freddie-mercury\\\/#breadcrumb\",\"itemListElement\":[{\"@type\":\"ListItem\",\"position\":1,\"name\":\"Accueil\",\"item\":\"https:\\\/\\\/clash.fr\\\/en\\\/\"},{\"@type\":\"ListItem\",\"position\":2,\"name\":\"From Maria Callas to Freddie Mercury\"}]},{\"@type\":\"WebSite\",\"@id\":\"https:\\\/\\\/clash.fr\\\/en\\\/#website\",\"url\":\"https:\\\/\\\/clash.fr\\\/en\\\/\",\"name\":\"Clash - Nouveaux Courants Classiques\",\"description\":\"R\u00e9unir la musique classique avec des tonalit\u00e9s actuelles au travers d&#039;une s\u00e9rie de concerts : Rap, Hip hop, Electro, Pop, World...\",\"publisher\":{\"@id\":\"https:\\\/\\\/clash.fr\\\/en\\\/#organization\"},\"potentialAction\":[{\"@type\":\"SearchAction\",\"target\":{\"@type\":\"EntryPoint\",\"urlTemplate\":\"https:\\\/\\\/clash.fr\\\/en\\\/?s={search_term_string}\"},\"query-input\":{\"@type\":\"PropertyValueSpecification\",\"valueRequired\":true,\"valueName\":\"search_term_string\"}}],\"inLanguage\":\"en-US\"},{\"@type\":\"Organization\",\"@id\":\"https:\\\/\\\/clash.fr\\\/en\\\/#organization\",\"name\":\"Clash - Nouveaux Courants Classiques\",\"url\":\"https:\\\/\\\/clash.fr\\\/en\\\/\",\"logo\":{\"@type\":\"ImageObject\",\"inLanguage\":\"en-US\",\"@id\":\"https:\\\/\\\/clash.fr\\\/en\\\/#\\\/schema\\\/logo\\\/image\\\/\",\"url\":\"https:\\\/\\\/clash.fr\\\/wp-content\\\/uploads\\\/2024\\\/10\\\/1001-NOTES_lotoype_Logo_clash_gaveau_Favicon.jpg\",\"contentUrl\":\"https:\\\/\\\/clash.fr\\\/wp-content\\\/uploads\\\/2024\\\/10\\\/1001-NOTES_lotoype_Logo_clash_gaveau_Favicon.jpg\",\"width\":800,\"height\":800,\"caption\":\"Clash - Nouveaux Courants Classiques\"},\"image\":{\"@id\":\"https:\\\/\\\/clash.fr\\\/en\\\/#\\\/schema\\\/logo\\\/image\\\/\"},\"sameAs\":[\"https:\\\/\\\/www.facebook.com\\\/clashconcert\",\"https:\\\/\\\/www.linkedin.com\\\/showcase\\\/clash-concert\",\"https:\\\/\\\/www.instagram.com\\\/clash.concert\\\/?hl=fr\",\"https:\\\/\\\/www.youtube.com\\\/@clash-concert\"]}]}<\/script>\n<!-- \/ Yoast SEO plugin. -->","yoast_head_json":{"title":"Classical and pop music come together in a unique show","description":"Explore the unlikely alliance of classical music and pop: from Purcell to ABBA, via Handel, Queen and the Beatles.","robots":{"index":"index","follow":"follow","max-snippet":"max-snippet:-1","max-image-preview":"max-image-preview:large","max-video-preview":"max-video-preview:-1"},"canonical":"https:\/\/clash.fr\/en\/saison26-27\/from-maria-callas-to-freddie-mercury\/","og_locale":"en_US","og_type":"article","og_title":"Classical and pop music come together in a unique show","og_description":"Explore the unlikely alliance of classical music and pop: from Purcell to ABBA, via Handel, Queen and the Beatles.","og_url":"https:\/\/clash.fr\/en\/saison26-27\/from-maria-callas-to-freddie-mercury\/","og_site_name":"Clash - Nouveaux Courants Classiques","article_publisher":"https:\/\/www.facebook.com\/clashconcert","article_modified_time":"2026-04-26T00:52:22+00:00","og_image":[{"width":1807,"height":72,"url":"https:\/\/clash.fr\/wp-content\/uploads\/2024\/10\/trait-degrade.jpg","type":"image\/jpeg"}],"twitter_card":"summary_large_image","twitter_misc":{"Est. reading time":"1 minute"},"schema":{"@context":"https:\/\/schema.org","@graph":[{"@type":"WebPage","@id":"https:\/\/clash.fr\/en\/saison26-27\/from-maria-callas-to-freddie-mercury\/","url":"https:\/\/clash.fr\/en\/saison26-27\/from-maria-callas-to-freddie-mercury\/","name":"Classical and pop music come together in a unique show","isPartOf":{"@id":"https:\/\/clash.fr\/en\/#website"},"primaryImageOfPage":{"@id":"https:\/\/clash.fr\/en\/saison26-27\/from-maria-callas-to-freddie-mercury\/#primaryimage"},"image":{"@id":"https:\/\/clash.fr\/en\/saison26-27\/from-maria-callas-to-freddie-mercury\/#primaryimage"},"thumbnailUrl":"https:\/\/clash.fr\/wp-content\/uploads\/2024\/10\/trait-degrade-1024x41.jpg","datePublished":"2026-04-22T12:47:34+00:00","dateModified":"2026-04-26T00:52:22+00:00","description":"Explore the unlikely alliance of classical music and pop: from Purcell to ABBA, via Handel, Queen and the Beatles.","breadcrumb":{"@id":"https:\/\/clash.fr\/en\/saison26-27\/from-maria-callas-to-freddie-mercury\/#breadcrumb"},"inLanguage":"en-US","potentialAction":[{"@type":"ReadAction","target":["https:\/\/clash.fr\/en\/saison26-27\/from-maria-callas-to-freddie-mercury\/"]}]},{"@type":"ImageObject","inLanguage":"en-US","@id":"https:\/\/clash.fr\/en\/saison26-27\/from-maria-callas-to-freddie-mercury\/#primaryimage","url":"https:\/\/clash.fr\/wp-content\/uploads\/2024\/10\/trait-degrade-1024x41.jpg","contentUrl":"https:\/\/clash.fr\/wp-content\/uploads\/2024\/10\/trait-degrade-1024x41.jpg"},{"@type":"BreadcrumbList","@id":"https:\/\/clash.fr\/en\/saison26-27\/from-maria-callas-to-freddie-mercury\/#breadcrumb","itemListElement":[{"@type":"ListItem","position":1,"name":"Accueil","item":"https:\/\/clash.fr\/en\/"},{"@type":"ListItem","position":2,"name":"From Maria Callas to Freddie Mercury"}]},{"@type":"WebSite","@id":"https:\/\/clash.fr\/en\/#website","url":"https:\/\/clash.fr\/en\/","name":"Clash - Nouveaux Courants Classiques","description":"R\u00e9unir la musique classique avec des tonalit\u00e9s actuelles au travers d&#039;une s\u00e9rie de concerts : Rap, Hip hop, Electro, Pop, World...","publisher":{"@id":"https:\/\/clash.fr\/en\/#organization"},"potentialAction":[{"@type":"SearchAction","target":{"@type":"EntryPoint","urlTemplate":"https:\/\/clash.fr\/en\/?s={search_term_string}"},"query-input":{"@type":"PropertyValueSpecification","valueRequired":true,"valueName":"search_term_string"}}],"inLanguage":"en-US"},{"@type":"Organization","@id":"https:\/\/clash.fr\/en\/#organization","name":"Clash - Nouveaux Courants Classiques","url":"https:\/\/clash.fr\/en\/","logo":{"@type":"ImageObject","inLanguage":"en-US","@id":"https:\/\/clash.fr\/en\/#\/schema\/logo\/image\/","url":"https:\/\/clash.fr\/wp-content\/uploads\/2024\/10\/1001-NOTES_lotoype_Logo_clash_gaveau_Favicon.jpg","contentUrl":"https:\/\/clash.fr\/wp-content\/uploads\/2024\/10\/1001-NOTES_lotoype_Logo_clash_gaveau_Favicon.jpg","width":800,"height":800,"caption":"Clash - Nouveaux Courants Classiques"},"image":{"@id":"https:\/\/clash.fr\/en\/#\/schema\/logo\/image\/"},"sameAs":["https:\/\/www.facebook.com\/clashconcert","https:\/\/www.linkedin.com\/showcase\/clash-concert","https:\/\/www.instagram.com\/clash.concert\/?hl=fr","https:\/\/www.youtube.com\/@clash-concert"]}]}},"_links":{"self":[{"href":"https:\/\/clash.fr\/en\/wp-json\/wp\/v2\/saison26-27\/7432","targetHints":{"allow":["GET"]}}],"collection":[{"href":"https:\/\/clash.fr\/en\/wp-json\/wp\/v2\/saison26-27"}],"about":[{"href":"https:\/\/clash.fr\/en\/wp-json\/wp\/v2\/types\/saison26-27"}],"version-history":[{"count":3,"href":"https:\/\/clash.fr\/en\/wp-json\/wp\/v2\/saison26-27\/7432\/revisions"}],"predecessor-version":[{"id":7444,"href":"https:\/\/clash.fr\/en\/wp-json\/wp\/v2\/saison26-27\/7432\/revisions\/7444"}],"wp:attachment":[{"href":"https:\/\/clash.fr\/en\/wp-json\/wp\/v2\/media?parent=7432"}],"curies":[{"name":"wp","href":"https:\/\/api.w.org\/{rel}","templated":true}]}}